{"version":"1.0","provider_name":"Eren Ye\u015filyurt","provider_url":"https:\/\/erenyesilyurt.com","author_name":"erenyesilyurt.com","author_url":"https:\/\/erenyesilyurt.com\/index.php\/author\/erenyesilyurt-com\/","title":"Alain de Benoist: K\u00fclt\u00fcr\u00fc y\u00f6neten devleti y\u00f6netir - Eren Ye\u015filyurt","type":"rich","width":600,"height":338,"html":"<blockquote class=\"wp-embedded-content\" data-secret=\"CLBGFqALbZ\"><a href=\"https:\/\/erenyesilyurt.com\/index.php\/2024\/06\/27\/alain-de-benoist-kulturu-yoneten-devleti-yonetir\/\">Alain de Benoist: K\u00fclt\u00fcr\u00fc y\u00f6neten devleti y\u00f6netir<\/a><\/blockquote><iframe sandbox=\"allow-scripts\" security=\"restricted\" src=\"https:\/\/erenyesilyurt.com\/index.php\/2024\/06\/27\/alain-de-benoist-kulturu-yoneten-devleti-yonetir\/embed\/#?secret=CLBGFqALbZ\" width=\"600\" height=\"338\" title=\"&#8220;Alain de Benoist: K\u00fclt\u00fcr\u00fc y\u00f6neten devleti y\u00f6netir&#8221; &#8212; Eren Ye\u015filyurt\" data-secret=\"CLBGFqALbZ\" frameborder=\"0\" marginwidth=\"0\" marginheight=\"0\" scrolling=\"no\" class=\"wp-embedded-content\"><\/iframe><script type=\"text\/javascript\">\n\/* <![CDATA[ *\/\n\/*! This file is auto-generated *\/\n!function(d,l){\"use strict\";l.querySelector&&d.addEventListener&&\"undefined\"!=typeof URL&&(d.wp=d.wp||{},d.wp.receiveEmbedMessage||(d.wp.receiveEmbedMessage=function(e){var t=e.data;if((t||t.secret||t.message||t.value)&&!\/[^a-zA-Z0-9]\/.test(t.secret)){for(var s,r,n,a=l.querySelectorAll('iframe[data-secret=\"'+t.secret+'\"]'),o=l.querySelectorAll('blockquote[data-secret=\"'+t.secret+'\"]'),c=new RegExp(\"^https?:$\",\"i\"),i=0;i<o.length;i++)o[i].style.display=\"none\";for(i=0;i<a.length;i++)s=a[i],e.source===s.contentWindow&&(s.removeAttribute(\"style\"),\"height\"===t.message?(1e3<(r=parseInt(t.value,10))?r=1e3:~~r<200&&(r=200),s.height=r):\"link\"===t.message&&(r=new URL(s.getAttribute(\"src\")),n=new URL(t.value),c.test(n.protocol))&&n.host===r.host&&l.activeElement===s&&(d.top.location.href=t.value))}},d.addEventListener(\"message\",d.wp.receiveEmbedMessage,!1),l.addEventListener(\"DOMContentLoaded\",function(){for(var e,t,s=l.querySelectorAll(\"iframe.wp-embedded-content\"),r=0;r<s.length;r++)(t=(e=s[r]).getAttribute(\"data-secret\"))||(t=Math.random().toString(36).substring(2,12),e.src+=\"#?secret=\"+t,e.setAttribute(\"data-secret\",t)),e.contentWindow.postMessage({message:\"ready\",secret:t},\"*\")},!1)))}(window,document);\n\/\/# sourceURL=https:\/\/erenyesilyurt.com\/wp-includes\/js\/wp-embed.min.js\n\/* ]]> *\/\n<\/script>\n","thumbnail_url":"http:\/\/erenyesilyurt.com\/wp-content\/uploads\/2024\/06\/Capture-decran-2023-03-03-a-16.58.11-845x475-1.png","thumbnail_width":637,"thumbnail_height":483,"description":"Alain de Benoist, Frans\u0131z yazar ve d\u00fc\u015f\u00fcn\u00fcr, Avrupa Yeni Sa\u011f hareketinin \u00f6nde gelen isimlerinden birisi. Benoist, \u00f6zellikle kimlik, k\u00fclt\u00fcr ve milliyet\u00e7ilik konular\u0131nda bir \u00e7ok \u00f6nemli eser kaleme ald\u0131. Benoist ile muhafazakar devrimi, sa\u011f Gramscili\u011fi, Fransa&#8217;daki se\u00e7imleri ba\u015fta olmak \u00fczere bir \u00e7ok konuyu sordum. Benoist ile T\u00fcrkiye&#8217;de ilk kez ger\u00e7ekle\u015fen bir r\u00f6portaj. &#8220;Muhafazak\u00e2r devrim&#8221; kavram\u0131 hakk\u0131nda... Continue reading &#8594;"}